{"id":13186,"date":"2023-03-09T12:54:22","date_gmt":"2023-03-09T10:54:22","guid":{"rendered":"https:\/\/babelgroup.com\/blog\/"},"modified":"2025-04-07T13:57:03","modified_gmt":"2025-04-07T11:57:03","slug":"blog","status":"publish","type":"page","link":"https:\/\/babelgroup.com\/pt-pt\/blog\/","title":{"rendered":"Blog"},"content":{"rendered":"\t\t<div data-elementor-type=\"wp-page\" data-elementor-id=\"13186\" class=\"elementor elementor-13186 elementor-93\" data-elementor-post-type=\"page\">\n\t\t\t\t\t\t<section class=\"elementor-section elementor-top-section elementor-element elementor-element-46b242f elementor-section-boxed elementor-section-height-default elementor-section-height-default\" data-id=\"46b242f\" data-element_type=\"section\" data-e-type=\"section\">\n\t\t\t\t\t\t<div class=\"elementor-container elementor-column-gap-default\">\n\t\t\t\t\t<div class=\"elementor-column elementor-col-100 elementor-top-column elementor-element elementor-element-d8eccda\" data-id=\"d8eccda\" data-element_type=\"column\" data-e-type=\"column\">\n\t\t\t<div class=\"elementor-widget-wrap elementor-element-populated\">\n\t\t\t\t\t\t<div class=\"elementor-element elementor-element-ed7d10e animated-slow elementor-invisible elementor-widget elementor-widget-heading\" data-id=\"ed7d10e\" data-element_type=\"widget\" data-e-type=\"widget\" data-settings=\"{&quot;_animation&quot;:&quot;fadeIn&quot;,&quot;_animation_tablet&quot;:&quot;none&quot;}\" data-widget_type=\"heading.default\">\n\t\t\t\t<div class=\"elementor-widget-container\">\n\t\t\t\t\t<h1 class=\"elementor-heading-title elementor-size-default\">Somos amantes da tecnologia<\/h1>\t\t\t\t<\/div>\n\t\t\t\t<\/div>\n\t\t\t\t<div class=\"elementor-element elementor-element-d56525c animated-slow elementor-invisible elementor-widget elementor-widget-heading\" data-id=\"d56525c\" data-element_type=\"widget\" data-e-type=\"widget\" data-settings=\"{&quot;_animation&quot;:&quot;fadeIn&quot;,&quot;_animation_tablet&quot;:&quot;none&quot;,&quot;_animation_delay&quot;:&quot;300&quot;}\" data-widget_type=\"heading.default\">\n\t\t\t\t<div class=\"elementor-widget-container\">\n\t\t\t\t\t<p class=\"elementor-heading-title elementor-size-default\">Partilhamos conhecimentos, entusiasmo e emo\u00e7\u00e3o<\/p>\t\t\t\t<\/div>\n\t\t\t\t<\/div>\n\t\t\t\t<div class=\"elementor-element elementor-element-5940b8c elementor-widget elementor-widget-spacer\" data-id=\"5940b8c\" data-element_type=\"widget\" data-e-type=\"widget\" data-widget_type=\"spacer.default\">\n\t\t\t\t<div class=\"elementor-widget-container\">\n\t\t\t\t\t\t\t<div class=\"elementor-spacer\">\n\t\t\t<div class=\"elementor-spacer-inner\"><\/div>\n\t\t<\/div>\n\t\t\t\t\t\t<\/div>\n\t\t\t\t<\/div>\n\t\t\t\t\t<\/div>\n\t\t<\/div>\n\t\t\t\t\t<\/div>\n\t\t<\/section>\n\t\t\t\t<section class=\"elementor-section elementor-top-section elementor-element elementor-element-72da99b elementor-section-boxed elementor-section-height-default elementor-section-height-default\" data-id=\"72da99b\" data-element_type=\"section\" data-e-type=\"section\">\n\t\t\t\t\t\t<div class=\"elementor-container elementor-column-gap-no\">\n\t\t\t\t\t<div class=\"elementor-column elementor-col-100 elementor-top-column elementor-element elementor-element-feb45fb\" data-id=\"feb45fb\" data-element_type=\"column\" data-e-type=\"column\">\n\t\t\t<div class=\"elementor-widget-wrap elementor-element-populated\">\n\t\t\t\t\t\t<div class=\"vamtam-has-theme-widget-styles elementor-element elementor-element-53acb3b elementor-grid-tablet-3 elementor-grid-3 elementor-grid-mobile-1 elementor-posts--thumbnail-top elementor-widget elementor-widget-posts\" data-id=\"53acb3b\" data-element_type=\"widget\" data-e-type=\"widget\" data-settings=\"{&quot;vamtam_classic_row_gap&quot;:{&quot;unit&quot;:&quot;px&quot;,&quot;size&quot;:&quot;40&quot;,&quot;sizes&quot;:[]},&quot;vamtam_classic_columns_tablet&quot;:&quot;3&quot;,&quot;vamtam_classic_row_gap_tablet&quot;:{&quot;unit&quot;:&quot;px&quot;,&quot;size&quot;:&quot;30&quot;,&quot;sizes&quot;:[]},&quot;pagination_type&quot;:&quot;prev_next&quot;,&quot;vamtam_classic_columns&quot;:&quot;3&quot;,&quot;vamtam_classic_columns_mobile&quot;:&quot;1&quot;,&quot;vamtam_classic_row_gap_mobile&quot;:{&quot;unit&quot;:&quot;px&quot;,&quot;size&quot;:&quot;&quot;,&quot;sizes&quot;:[]}}\" data-widget_type=\"posts.vamtam_classic\">\n\t\t\t\t<div class=\"elementor-widget-container\">\n\t\t\t\t\t\t\t<div class=\"elementor-has-item-ratio elementor-posts-container elementor-posts elementor-posts--skin-vamtam_classic elementor-grid\" role=\"list\">\n\t\t\t\t<article class=\"elementor-post elementor-grid-item post-1083036 post type-post status-publish format-standard has-post-thumbnail hentry category-sem-categoria\" role=\"listitem\">\n\t\t\t\t<a class=\"elementor-post__thumbnail__link\" href=\"https:\/\/babelgroup.com\/pt-pt\/babel-inaugura-novo-escritorio-nas-torres-de-lisboa-e-reforca-aposta-no-mercado-portugues\/\" tabindex=\"-1\" >\n\t\t\t<div class=\"elementor-post__thumbnail\"><img fetchpriority=\"high\" decoding=\"async\" width=\"3024\" height=\"1694\" src=\"https:\/\/babelgroup.com\/wp-content\/uploads\/2026\/03\/Babel-Portugal_Inauguracao-Escritorio-17.png\" class=\"attachment-full size-full wp-image-1083037\" alt=\"\" srcset=\"https:\/\/babelgroup.com\/wp-content\/uploads\/2026\/03\/Babel-Portugal_Inauguracao-Escritorio-17.png 3024w, https:\/\/babelgroup.com\/wp-content\/uploads\/2026\/03\/Babel-Portugal_Inauguracao-Escritorio-17-300x168.png 300w, https:\/\/babelgroup.com\/wp-content\/uploads\/2026\/03\/Babel-Portugal_Inauguracao-Escritorio-17-1024x574.png 1024w, https:\/\/babelgroup.com\/wp-content\/uploads\/2026\/03\/Babel-Portugal_Inauguracao-Escritorio-17-768x430.png 768w, https:\/\/babelgroup.com\/wp-content\/uploads\/2026\/03\/Babel-Portugal_Inauguracao-Escritorio-17-1536x860.png 1536w, https:\/\/babelgroup.com\/wp-content\/uploads\/2026\/03\/Babel-Portugal_Inauguracao-Escritorio-17-2048x1147.png 2048w\" sizes=\"(max-width: 3024px) 100vw, 3024px\" \/><\/div>\n\t\t<\/a>\n\t\t\t\t\t<div class=\"elementor-post__meta-data\">\n\t\t\t\t\t\t<span class=\"elementor-post-date\">\n\t\t\t16 de Mar\u00e7o, 2026\t\t<\/span>\n\t\t\t\t\t<\/div>\n\t\t\t\t\t<div class=\"elementor-post__text\">\n\t\t\t\t<h3 class=\"elementor-post__title\">\n\t\t\t<a href=\"https:\/\/babelgroup.com\/pt-pt\/babel-inaugura-novo-escritorio-nas-torres-de-lisboa-e-reforca-aposta-no-mercado-portugues\/\" >\n\t\t\t\tBabel inaugura novo escrit\u00f3rio nas Torres de Lisboa e refor\u00e7a aposta no mercado portugu\u00eas\t\t\t<\/a>\n\t\t<\/h3>\n\t\t\t\t\t<div class=\"elementor-post__read-more-wrapper\">\n\t\t\n\t\t<a class=\"elementor-post__read-more\" href=\"https:\/\/babelgroup.com\/pt-pt\/babel-inaugura-novo-escritorio-nas-torres-de-lisboa-e-reforca-aposta-no-mercado-portugues\/\" aria-label=\"Read more about Babel inaugura novo escrit\u00f3rio nas Torres de Lisboa e refor\u00e7a aposta no mercado portugu\u00eas\" tabindex=\"-1\" >\n\t\t\tLer mais\t\t<\/a>\n\n\t\t\t\t\t<\/div>\n\t\t\t\t<\/div>\n\t\t\t\t<\/article>\n\t\t\t\t<article class=\"elementor-post elementor-grid-item post-1082581 post type-post status-publish format-standard has-post-thumbnail hentry category-sem-categoria\" role=\"listitem\">\n\t\t\t\t<a class=\"elementor-post__thumbnail__link\" href=\"https:\/\/babelgroup.com\/pt-pt\/babel-adquire-anadat-e-reforca-a-sua-presenca-no-mercado-espanhol\/\" tabindex=\"-1\" >\n\t\t\t<div class=\"elementor-post__thumbnail\"><img decoding=\"async\" width=\"800\" height=\"800\" src=\"https:\/\/babelgroup.com\/wp-content\/uploads\/2026\/03\/MONTAJE-TONY-ANADAT-BLOG2.png\" class=\"attachment-full size-full wp-image-1082600\" alt=\"\" srcset=\"https:\/\/babelgroup.com\/wp-content\/uploads\/2026\/03\/MONTAJE-TONY-ANADAT-BLOG2.png 800w, https:\/\/babelgroup.com\/wp-content\/uploads\/2026\/03\/MONTAJE-TONY-ANADAT-BLOG2-300x300.png 300w, https:\/\/babelgroup.com\/wp-content\/uploads\/2026\/03\/MONTAJE-TONY-ANADAT-BLOG2-150x150.png 150w, https:\/\/babelgroup.com\/wp-content\/uploads\/2026\/03\/MONTAJE-TONY-ANADAT-BLOG2-768x768.png 768w\" sizes=\"(max-width: 800px) 100vw, 800px\" \/><\/div>\n\t\t<\/a>\n\t\t\t\t\t<div class=\"elementor-post__meta-data\">\n\t\t\t\t\t\t<span class=\"elementor-post-date\">\n\t\t\t5 de Mar\u00e7o, 2026\t\t<\/span>\n\t\t\t\t\t<\/div>\n\t\t\t\t\t<div class=\"elementor-post__text\">\n\t\t\t\t<h3 class=\"elementor-post__title\">\n\t\t\t<a href=\"https:\/\/babelgroup.com\/pt-pt\/babel-adquire-anadat-e-reforca-a-sua-presenca-no-mercado-espanhol\/\" >\n\t\t\t\tBabel adquire Anadat e refor\u00e7a a sua presen\u00e7a no mercado espanhol\t\t\t<\/a>\n\t\t<\/h3>\n\t\t\t\t\t<div class=\"elementor-post__read-more-wrapper\">\n\t\t\n\t\t<a class=\"elementor-post__read-more\" href=\"https:\/\/babelgroup.com\/pt-pt\/babel-adquire-anadat-e-reforca-a-sua-presenca-no-mercado-espanhol\/\" aria-label=\"Read more about Babel adquire Anadat e refor\u00e7a a sua presen\u00e7a no mercado espanhol\" tabindex=\"-1\" >\n\t\t\tLer mais\t\t<\/a>\n\n\t\t\t\t\t<\/div>\n\t\t\t\t<\/div>\n\t\t\t\t<\/article>\n\t\t\t\t<article class=\"elementor-post elementor-grid-item post-1082284 post type-post status-publish format-standard has-post-thumbnail hentry category-sem-categoria\" role=\"listitem\">\n\t\t\t\t<a class=\"elementor-post__thumbnail__link\" href=\"https:\/\/babelgroup.com\/pt-pt\/babel-consolida-a-avaliacao-de-nivel-3-do-cmmi-for-development-em-espanha-portugal-e-mexico\/\" tabindex=\"-1\" >\n\t\t\t<div class=\"elementor-post__thumbnail\"><img decoding=\"async\" width=\"800\" height=\"800\" src=\"https:\/\/babelgroup.com\/wp-content\/uploads\/2026\/02\/Imagen_blog_PT-1.jpg\" class=\"attachment-full size-full wp-image-1082301\" alt=\"\" srcset=\"https:\/\/babelgroup.com\/wp-content\/uploads\/2026\/02\/Imagen_blog_PT-1.jpg 800w, https:\/\/babelgroup.com\/wp-content\/uploads\/2026\/02\/Imagen_blog_PT-1-300x300.jpg 300w, https:\/\/babelgroup.com\/wp-content\/uploads\/2026\/02\/Imagen_blog_PT-1-150x150.jpg 150w, https:\/\/babelgroup.com\/wp-content\/uploads\/2026\/02\/Imagen_blog_PT-1-768x768.jpg 768w\" sizes=\"(max-width: 800px) 100vw, 800px\" \/><\/div>\n\t\t<\/a>\n\t\t\t\t\t<div class=\"elementor-post__meta-data\">\n\t\t\t\t\t\t<span class=\"elementor-post-date\">\n\t\t\t10 de Fevereiro, 2026\t\t<\/span>\n\t\t\t\t\t<\/div>\n\t\t\t\t\t<div class=\"elementor-post__text\">\n\t\t\t\t<h3 class=\"elementor-post__title\">\n\t\t\t<a href=\"https:\/\/babelgroup.com\/pt-pt\/babel-consolida-a-avaliacao-de-nivel-3-do-cmmi-for-development-em-espanha-portugal-e-mexico\/\" >\n\t\t\t\tBabel consolida a avalia\u00e7\u00e3o de N\u00edvel 3 do CMMI for Development em Espanha, Portugal e M\u00e9xico\t\t\t<\/a>\n\t\t<\/h3>\n\t\t\t\t\t<div class=\"elementor-post__read-more-wrapper\">\n\t\t\n\t\t<a class=\"elementor-post__read-more\" href=\"https:\/\/babelgroup.com\/pt-pt\/babel-consolida-a-avaliacao-de-nivel-3-do-cmmi-for-development-em-espanha-portugal-e-mexico\/\" aria-label=\"Read more about Babel consolida a avalia\u00e7\u00e3o de N\u00edvel 3 do CMMI for Development em Espanha, Portugal e M\u00e9xico\" tabindex=\"-1\" >\n\t\t\tLer mais\t\t<\/a>\n\n\t\t\t\t\t<\/div>\n\t\t\t\t<\/div>\n\t\t\t\t<\/article>\n\t\t\t\t<article class=\"elementor-post elementor-grid-item post-1081050 post type-post status-publish format-standard has-post-thumbnail hentry category-sem-categoria\" role=\"listitem\">\n\t\t\t\t<a class=\"elementor-post__thumbnail__link\" href=\"https:\/\/babelgroup.com\/pt-pt\/wizink-escolhe-babel-para-acelerar-a-monitorizacao-da-qualidade-com-inteligencia-artificial-generativa\/\" tabindex=\"-1\" >\n\t\t\t<div class=\"elementor-post__thumbnail\"><img loading=\"lazy\" decoding=\"async\" width=\"800\" height=\"800\" src=\"https:\/\/babelgroup.com\/wp-content\/uploads\/2026\/01\/Diseno-sin-titulo-2.png\" class=\"attachment-full size-full wp-image-1081045\" alt=\"\" srcset=\"https:\/\/babelgroup.com\/wp-content\/uploads\/2026\/01\/Diseno-sin-titulo-2.png 800w, https:\/\/babelgroup.com\/wp-content\/uploads\/2026\/01\/Diseno-sin-titulo-2-300x300.png 300w, https:\/\/babelgroup.com\/wp-content\/uploads\/2026\/01\/Diseno-sin-titulo-2-150x150.png 150w, https:\/\/babelgroup.com\/wp-content\/uploads\/2026\/01\/Diseno-sin-titulo-2-768x768.png 768w\" sizes=\"(max-width: 800px) 100vw, 800px\" \/><\/div>\n\t\t<\/a>\n\t\t\t\t\t<div class=\"elementor-post__meta-data\">\n\t\t\t\t\t\t<span class=\"elementor-post-date\">\n\t\t\t15 de Janeiro, 2026\t\t<\/span>\n\t\t\t\t\t<\/div>\n\t\t\t\t\t<div class=\"elementor-post__text\">\n\t\t\t\t<h3 class=\"elementor-post__title\">\n\t\t\t<a href=\"https:\/\/babelgroup.com\/pt-pt\/wizink-escolhe-babel-para-acelerar-a-monitorizacao-da-qualidade-com-inteligencia-artificial-generativa\/\" >\n\t\t\t\tWiZink escolhe Babel para acelerar a monitoriza\u00e7\u00e3o da qualidade com intelig\u00eancia artificial generativa\t\t\t<\/a>\n\t\t<\/h3>\n\t\t\t\t\t<div class=\"elementor-post__read-more-wrapper\">\n\t\t\n\t\t<a class=\"elementor-post__read-more\" href=\"https:\/\/babelgroup.com\/pt-pt\/wizink-escolhe-babel-para-acelerar-a-monitorizacao-da-qualidade-com-inteligencia-artificial-generativa\/\" aria-label=\"Read more about WiZink escolhe Babel para acelerar a monitoriza\u00e7\u00e3o da qualidade com intelig\u00eancia artificial generativa\" tabindex=\"-1\" >\n\t\t\tLer mais\t\t<\/a>\n\n\t\t\t\t\t<\/div>\n\t\t\t\t<\/div>\n\t\t\t\t<\/article>\n\t\t\t\t<article class=\"elementor-post elementor-grid-item post-1080789 post type-post status-publish format-standard has-post-thumbnail hentry category-ai-2\" role=\"listitem\">\n\t\t\t\t<a class=\"elementor-post__thumbnail__link\" href=\"https:\/\/babelgroup.com\/pt-pt\/modernizacao-de-sistemas-legacy-acelerada-com-a-ia\/\" tabindex=\"-1\" >\n\t\t\t<div class=\"elementor-post__thumbnail\"><img loading=\"lazy\" decoding=\"async\" width=\"800\" height=\"800\" src=\"https:\/\/babelgroup.com\/wp-content\/uploads\/2025\/12\/Diseno-sin-titulo-30.png\" class=\"attachment-full size-full wp-image-1080783\" alt=\"\" srcset=\"https:\/\/babelgroup.com\/wp-content\/uploads\/2025\/12\/Diseno-sin-titulo-30.png 800w, https:\/\/babelgroup.com\/wp-content\/uploads\/2025\/12\/Diseno-sin-titulo-30-300x300.png 300w, https:\/\/babelgroup.com\/wp-content\/uploads\/2025\/12\/Diseno-sin-titulo-30-150x150.png 150w, https:\/\/babelgroup.com\/wp-content\/uploads\/2025\/12\/Diseno-sin-titulo-30-768x768.png 768w\" sizes=\"(max-width: 800px) 100vw, 800px\" \/><\/div>\n\t\t<\/a>\n\t\t\t\t\t<div class=\"elementor-post__meta-data\">\n\t\t\t\t\t\t<span class=\"elementor-post-date\">\n\t\t\t12 de Dezembro, 2025\t\t<\/span>\n\t\t\t\t\t<\/div>\n\t\t\t\t\t<div class=\"elementor-post__text\">\n\t\t\t\t<h3 class=\"elementor-post__title\">\n\t\t\t<a href=\"https:\/\/babelgroup.com\/pt-pt\/modernizacao-de-sistemas-legacy-acelerada-com-a-ia\/\" >\n\t\t\t\tModerniza\u00e7\u00e3o de sistemas\u00a0legacy\u00a0acelerada com a IA\t\t\t<\/a>\n\t\t<\/h3>\n\t\t\t\t\t<div class=\"elementor-post__read-more-wrapper\">\n\t\t\n\t\t<a class=\"elementor-post__read-more\" href=\"https:\/\/babelgroup.com\/pt-pt\/modernizacao-de-sistemas-legacy-acelerada-com-a-ia\/\" aria-label=\"Read more about Moderniza\u00e7\u00e3o de sistemas\u00a0legacy\u00a0acelerada com a IA\" tabindex=\"-1\" >\n\t\t\tLer mais\t\t<\/a>\n\n\t\t\t\t\t<\/div>\n\t\t\t\t<\/div>\n\t\t\t\t<\/article>\n\t\t\t\t<article class=\"elementor-post elementor-grid-item post-1080171 post type-post status-publish format-standard has-post-thumbnail hentry category-ai-2\" role=\"listitem\">\n\t\t\t\t<a class=\"elementor-post__thumbnail__link\" href=\"https:\/\/babelgroup.com\/pt-pt\/babel-membro-do-programa-nacional-de-algoritmos-verdes-pnav-impulsionara-a-normalizacao-da-ia-sustentavel-em-espanha\/\" tabindex=\"-1\" >\n\t\t\t<div class=\"elementor-post__thumbnail\"><img loading=\"lazy\" decoding=\"async\" width=\"800\" height=\"800\" src=\"https:\/\/babelgroup.com\/wp-content\/uploads\/2025\/11\/F39433-2.png\" class=\"attachment-full size-full wp-image-1080165\" alt=\"\" srcset=\"https:\/\/babelgroup.com\/wp-content\/uploads\/2025\/11\/F39433-2.png 800w, https:\/\/babelgroup.com\/wp-content\/uploads\/2025\/11\/F39433-2-300x300.png 300w, https:\/\/babelgroup.com\/wp-content\/uploads\/2025\/11\/F39433-2-150x150.png 150w, https:\/\/babelgroup.com\/wp-content\/uploads\/2025\/11\/F39433-2-768x768.png 768w\" sizes=\"(max-width: 800px) 100vw, 800px\" \/><\/div>\n\t\t<\/a>\n\t\t\t\t\t<div class=\"elementor-post__meta-data\">\n\t\t\t\t\t\t<span class=\"elementor-post-date\">\n\t\t\t27 de Novembro, 2025\t\t<\/span>\n\t\t\t\t\t<\/div>\n\t\t\t\t\t<div class=\"elementor-post__text\">\n\t\t\t\t<h3 class=\"elementor-post__title\">\n\t\t\t<a href=\"https:\/\/babelgroup.com\/pt-pt\/babel-membro-do-programa-nacional-de-algoritmos-verdes-pnav-impulsionara-a-normalizacao-da-ia-sustentavel-em-espanha\/\" >\n\t\t\t\tBabel, membro do Programa Nacional de Algoritmos Verdes (PNAV), impulsionar\u00e1 a normaliza\u00e7\u00e3o da IA sustent\u00e1vel em Espanha\u00a0\t\t\t<\/a>\n\t\t<\/h3>\n\t\t\t\t\t<div class=\"elementor-post__read-more-wrapper\">\n\t\t\n\t\t<a class=\"elementor-post__read-more\" href=\"https:\/\/babelgroup.com\/pt-pt\/babel-membro-do-programa-nacional-de-algoritmos-verdes-pnav-impulsionara-a-normalizacao-da-ia-sustentavel-em-espanha\/\" aria-label=\"Read more about Babel, membro do Programa Nacional de Algoritmos Verdes (PNAV), impulsionar\u00e1 a normaliza\u00e7\u00e3o da IA sustent\u00e1vel em Espanha\u00a0\" tabindex=\"-1\" >\n\t\t\tLer mais\t\t<\/a>\n\n\t\t\t\t\t<\/div>\n\t\t\t\t<\/div>\n\t\t\t\t<\/article>\n\t\t\t\t<article class=\"elementor-post elementor-grid-item post-1080138 post type-post status-publish format-standard has-post-thumbnail hentry category-ai-2\" role=\"listitem\">\n\t\t\t\t<a class=\"elementor-post__thumbnail__link\" href=\"https:\/\/babelgroup.com\/pt-pt\/babel-identifica-as-tecnologias-chave-para-que-o-setor-do-retalho-tire-o-maximo-partido-possivel-da-black-friday\/\" tabindex=\"-1\" >\n\t\t\t<div class=\"elementor-post__thumbnail\"><img loading=\"lazy\" decoding=\"async\" width=\"800\" height=\"800\" src=\"https:\/\/babelgroup.com\/wp-content\/uploads\/2025\/11\/F39433.png\" class=\"attachment-full size-full wp-image-1080125\" alt=\"\" srcset=\"https:\/\/babelgroup.com\/wp-content\/uploads\/2025\/11\/F39433.png 800w, https:\/\/babelgroup.com\/wp-content\/uploads\/2025\/11\/F39433-300x300.png 300w, https:\/\/babelgroup.com\/wp-content\/uploads\/2025\/11\/F39433-150x150.png 150w, https:\/\/babelgroup.com\/wp-content\/uploads\/2025\/11\/F39433-768x768.png 768w\" sizes=\"(max-width: 800px) 100vw, 800px\" \/><\/div>\n\t\t<\/a>\n\t\t\t\t\t<div class=\"elementor-post__meta-data\">\n\t\t\t\t\t\t<span class=\"elementor-post-date\">\n\t\t\t25 de Novembro, 2025\t\t<\/span>\n\t\t\t\t\t<\/div>\n\t\t\t\t\t<div class=\"elementor-post__text\">\n\t\t\t\t<h3 class=\"elementor-post__title\">\n\t\t\t<a href=\"https:\/\/babelgroup.com\/pt-pt\/babel-identifica-as-tecnologias-chave-para-que-o-setor-do-retalho-tire-o-maximo-partido-possivel-da-black-friday\/\" >\n\t\t\t\tBabel identifica as tecnologias-chave para que o setor do retalho tire o m\u00e1ximo partido poss\u00edvel da Black Friday\t\t\t<\/a>\n\t\t<\/h3>\n\t\t\t\t\t<div class=\"elementor-post__read-more-wrapper\">\n\t\t\n\t\t<a class=\"elementor-post__read-more\" href=\"https:\/\/babelgroup.com\/pt-pt\/babel-identifica-as-tecnologias-chave-para-que-o-setor-do-retalho-tire-o-maximo-partido-possivel-da-black-friday\/\" aria-label=\"Read more about Babel identifica as tecnologias-chave para que o setor do retalho tire o m\u00e1ximo partido poss\u00edvel da Black Friday\" tabindex=\"-1\" >\n\t\t\tLer mais\t\t<\/a>\n\n\t\t\t\t\t<\/div>\n\t\t\t\t<\/div>\n\t\t\t\t<\/article>\n\t\t\t\t<article class=\"elementor-post elementor-grid-item post-1080100 post type-post status-publish format-standard has-post-thumbnail hentry category-ai-2\" role=\"listitem\">\n\t\t\t\t<a class=\"elementor-post__thumbnail__link\" href=\"https:\/\/babelgroup.com\/pt-pt\/babel-transforma-a-conciliacao-de-pagamentos-e-recebimentos-com-as-capacidades-de-inteligencia-artificial-do-sap\/\" tabindex=\"-1\" >\n\t\t\t<div class=\"elementor-post__thumbnail\"><img loading=\"lazy\" decoding=\"async\" width=\"800\" height=\"800\" src=\"https:\/\/babelgroup.com\/wp-content\/uploads\/2025\/11\/Diseno-sin-titulo-23.png\" class=\"attachment-full size-full wp-image-1080091\" alt=\"\" srcset=\"https:\/\/babelgroup.com\/wp-content\/uploads\/2025\/11\/Diseno-sin-titulo-23.png 800w, https:\/\/babelgroup.com\/wp-content\/uploads\/2025\/11\/Diseno-sin-titulo-23-300x300.png 300w, https:\/\/babelgroup.com\/wp-content\/uploads\/2025\/11\/Diseno-sin-titulo-23-150x150.png 150w, https:\/\/babelgroup.com\/wp-content\/uploads\/2025\/11\/Diseno-sin-titulo-23-768x768.png 768w\" sizes=\"(max-width: 800px) 100vw, 800px\" \/><\/div>\n\t\t<\/a>\n\t\t\t\t\t<div class=\"elementor-post__meta-data\">\n\t\t\t\t\t\t<span class=\"elementor-post-date\">\n\t\t\t20 de Novembro, 2025\t\t<\/span>\n\t\t\t\t\t<\/div>\n\t\t\t\t\t<div class=\"elementor-post__text\">\n\t\t\t\t<h3 class=\"elementor-post__title\">\n\t\t\t<a href=\"https:\/\/babelgroup.com\/pt-pt\/babel-transforma-a-conciliacao-de-pagamentos-e-recebimentos-com-as-capacidades-de-inteligencia-artificial-do-sap\/\" >\n\t\t\t\tBabel transforma a concilia\u00e7\u00e3o de pagamentos e recebimentos com as capacidades de intelig\u00eancia artificial do SAP\t\t\t<\/a>\n\t\t<\/h3>\n\t\t\t\t\t<div class=\"elementor-post__read-more-wrapper\">\n\t\t\n\t\t<a class=\"elementor-post__read-more\" href=\"https:\/\/babelgroup.com\/pt-pt\/babel-transforma-a-conciliacao-de-pagamentos-e-recebimentos-com-as-capacidades-de-inteligencia-artificial-do-sap\/\" aria-label=\"Read more about Babel transforma a concilia\u00e7\u00e3o de pagamentos e recebimentos com as capacidades de intelig\u00eancia artificial do SAP\" tabindex=\"-1\" >\n\t\t\tLer mais\t\t<\/a>\n\n\t\t\t\t\t<\/div>\n\t\t\t\t<\/div>\n\t\t\t\t<\/article>\n\t\t\t\t<article class=\"elementor-post elementor-grid-item post-1080027 post type-post status-publish format-standard has-post-thumbnail hentry category-sem-categoria\" role=\"listitem\">\n\t\t\t\t<a class=\"elementor-post__thumbnail__link\" href=\"https:\/\/babelgroup.com\/pt-pt\/a-babel-vai-liderar-o-gabinete-de-governo-do-centro-de-inteligencia-artificial-da-andaluzia\/\" tabindex=\"-1\" >\n\t\t\t<div class=\"elementor-post__thumbnail\"><img loading=\"lazy\" decoding=\"async\" width=\"800\" height=\"800\" src=\"https:\/\/babelgroup.com\/wp-content\/uploads\/2025\/11\/Diseno-sin-titulo-20.png\" class=\"attachment-full size-full wp-image-1080035\" alt=\"\" srcset=\"https:\/\/babelgroup.com\/wp-content\/uploads\/2025\/11\/Diseno-sin-titulo-20.png 800w, https:\/\/babelgroup.com\/wp-content\/uploads\/2025\/11\/Diseno-sin-titulo-20-300x300.png 300w, https:\/\/babelgroup.com\/wp-content\/uploads\/2025\/11\/Diseno-sin-titulo-20-150x150.png 150w, https:\/\/babelgroup.com\/wp-content\/uploads\/2025\/11\/Diseno-sin-titulo-20-768x768.png 768w\" sizes=\"(max-width: 800px) 100vw, 800px\" \/><\/div>\n\t\t<\/a>\n\t\t\t\t\t<div class=\"elementor-post__meta-data\">\n\t\t\t\t\t\t<span class=\"elementor-post-date\">\n\t\t\t14 de Novembro, 2025\t\t<\/span>\n\t\t\t\t\t<\/div>\n\t\t\t\t\t<div class=\"elementor-post__text\">\n\t\t\t\t<h3 class=\"elementor-post__title\">\n\t\t\t<a href=\"https:\/\/babelgroup.com\/pt-pt\/a-babel-vai-liderar-o-gabinete-de-governo-do-centro-de-inteligencia-artificial-da-andaluzia\/\" >\n\t\t\t\tA Babel vai liderar o Gabinete de Governo do Centro de Intelig\u00eancia Artificial da Andaluzia\t\t\t<\/a>\n\t\t<\/h3>\n\t\t\t\t\t<div class=\"elementor-post__read-more-wrapper\">\n\t\t\n\t\t<a class=\"elementor-post__read-more\" href=\"https:\/\/babelgroup.com\/pt-pt\/a-babel-vai-liderar-o-gabinete-de-governo-do-centro-de-inteligencia-artificial-da-andaluzia\/\" aria-label=\"Read more about A Babel vai liderar o Gabinete de Governo do Centro de Intelig\u00eancia Artificial da Andaluzia\" tabindex=\"-1\" >\n\t\t\tLer mais\t\t<\/a>\n\n\t\t\t\t\t<\/div>\n\t\t\t\t<\/div>\n\t\t\t\t<\/article>\n\t\t\t\t<article class=\"elementor-post elementor-grid-item post-1043943 post type-post status-publish format-standard has-post-thumbnail hentry category-sem-categoria\" role=\"listitem\">\n\t\t\t\t<a class=\"elementor-post__thumbnail__link\" href=\"https:\/\/babelgroup.com\/pt-pt\/ciberseguranca-e-resiliencia-operacional-em-infraestruturas-criticas-a-licao-do-ataque-a-cadeia-de-fornecimento-aerea\/\" tabindex=\"-1\" >\n\t\t\t<div class=\"elementor-post__thumbnail\"><img loading=\"lazy\" decoding=\"async\" width=\"800\" height=\"800\" src=\"https:\/\/babelgroup.com\/wp-content\/uploads\/2025\/10\/Articulo-Blog.png\" class=\"attachment-full size-full wp-image-1043944\" alt=\"\" srcset=\"https:\/\/babelgroup.com\/wp-content\/uploads\/2025\/10\/Articulo-Blog.png 800w, https:\/\/babelgroup.com\/wp-content\/uploads\/2025\/10\/Articulo-Blog-300x300.png 300w, https:\/\/babelgroup.com\/wp-content\/uploads\/2025\/10\/Articulo-Blog-150x150.png 150w, https:\/\/babelgroup.com\/wp-content\/uploads\/2025\/10\/Articulo-Blog-768x768.png 768w\" sizes=\"(max-width: 800px) 100vw, 800px\" \/><\/div>\n\t\t<\/a>\n\t\t\t\t\t<div class=\"elementor-post__meta-data\">\n\t\t\t\t\t\t<span class=\"elementor-post-date\">\n\t\t\t12 de Novembro, 2025\t\t<\/span>\n\t\t\t\t\t<\/div>\n\t\t\t\t\t<div class=\"elementor-post__text\">\n\t\t\t\t<h3 class=\"elementor-post__title\">\n\t\t\t<a href=\"https:\/\/babelgroup.com\/pt-pt\/ciberseguranca-e-resiliencia-operacional-em-infraestruturas-criticas-a-licao-do-ataque-a-cadeia-de-fornecimento-aerea\/\" >\n\t\t\t\tCiberseguran\u00e7a e resili\u00eancia operacional em infraestruturas cr\u00edticas: A li\u00e7\u00e3o do ataque \u00e0 cadeia de fornecimento a\u00e9rea\t\t\t<\/a>\n\t\t<\/h3>\n\t\t\t\t\t<div class=\"elementor-post__read-more-wrapper\">\n\t\t\n\t\t<a class=\"elementor-post__read-more\" href=\"https:\/\/babelgroup.com\/pt-pt\/ciberseguranca-e-resiliencia-operacional-em-infraestruturas-criticas-a-licao-do-ataque-a-cadeia-de-fornecimento-aerea\/\" aria-label=\"Read more about Ciberseguran\u00e7a e resili\u00eancia operacional em infraestruturas cr\u00edticas: A li\u00e7\u00e3o do ataque \u00e0 cadeia de fornecimento a\u00e9rea\" tabindex=\"-1\" >\n\t\t\tLer mais\t\t<\/a>\n\n\t\t\t\t\t<\/div>\n\t\t\t\t<\/div>\n\t\t\t\t<\/article>\n\t\t\t\t<article class=\"elementor-post elementor-grid-item post-1079411 post type-post status-publish format-standard has-post-thumbnail hentry category-sem-categoria\" role=\"listitem\">\n\t\t\t\t<a class=\"elementor-post__thumbnail__link\" href=\"https:\/\/babelgroup.com\/pt-pt\/babel-lanca-o-seu-cluster-global-de-desenvolvimento-e-excelencia-em-ia-com-mais-de-250-especialistas\/\" tabindex=\"-1\" >\n\t\t\t<div class=\"elementor-post__thumbnail\"><img loading=\"lazy\" decoding=\"async\" width=\"800\" height=\"800\" src=\"https:\/\/babelgroup.com\/wp-content\/uploads\/2025\/10\/Diseno-sin-titulo-13.png\" class=\"attachment-full size-full wp-image-1079507\" alt=\"\" srcset=\"https:\/\/babelgroup.com\/wp-content\/uploads\/2025\/10\/Diseno-sin-titulo-13.png 800w, https:\/\/babelgroup.com\/wp-content\/uploads\/2025\/10\/Diseno-sin-titulo-13-300x300.png 300w, https:\/\/babelgroup.com\/wp-content\/uploads\/2025\/10\/Diseno-sin-titulo-13-150x150.png 150w, https:\/\/babelgroup.com\/wp-content\/uploads\/2025\/10\/Diseno-sin-titulo-13-768x768.png 768w\" sizes=\"(max-width: 800px) 100vw, 800px\" \/><\/div>\n\t\t<\/a>\n\t\t\t\t\t<div class=\"elementor-post__meta-data\">\n\t\t\t\t\t\t<span class=\"elementor-post-date\">\n\t\t\t29 de Outubro, 2025\t\t<\/span>\n\t\t\t\t\t<\/div>\n\t\t\t\t\t<div class=\"elementor-post__text\">\n\t\t\t\t<h3 class=\"elementor-post__title\">\n\t\t\t<a href=\"https:\/\/babelgroup.com\/pt-pt\/babel-lanca-o-seu-cluster-global-de-desenvolvimento-e-excelencia-em-ia-com-mais-de-250-especialistas\/\" >\n\t\t\t\tBabel lan\u00e7a o seu Cluster global de desenvolvimento e excel\u00eancia em IA com mais de 250 especialistas\t\t\t<\/a>\n\t\t<\/h3>\n\t\t\t\t\t<div class=\"elementor-post__read-more-wrapper\">\n\t\t\n\t\t<a class=\"elementor-post__read-more\" href=\"https:\/\/babelgroup.com\/pt-pt\/babel-lanca-o-seu-cluster-global-de-desenvolvimento-e-excelencia-em-ia-com-mais-de-250-especialistas\/\" aria-label=\"Read more about Babel lan\u00e7a o seu Cluster global de desenvolvimento e excel\u00eancia em IA com mais de 250 especialistas\" tabindex=\"-1\" >\n\t\t\tLer mais\t\t<\/a>\n\n\t\t\t\t\t<\/div>\n\t\t\t\t<\/div>\n\t\t\t\t<\/article>\n\t\t\t\t<article class=\"elementor-post elementor-grid-item post-1044446 post type-post status-publish format-standard has-post-thumbnail hentry category-sem-categoria\" role=\"listitem\">\n\t\t\t\t<a class=\"elementor-post__thumbnail__link\" href=\"https:\/\/babelgroup.com\/pt-pt\/como-alcancar-um-roi-real-com-ia-generativa-6-aprendizagens\/\" tabindex=\"-1\" >\n\t\t\t<div class=\"elementor-post__thumbnail\"><img loading=\"lazy\" decoding=\"async\" width=\"800\" height=\"800\" src=\"https:\/\/babelgroup.com\/wp-content\/uploads\/2025\/10\/Diseno-sin-titulo-6.png\" class=\"attachment-full size-full wp-image-1060925\" alt=\"\" srcset=\"https:\/\/babelgroup.com\/wp-content\/uploads\/2025\/10\/Diseno-sin-titulo-6.png 800w, https:\/\/babelgroup.com\/wp-content\/uploads\/2025\/10\/Diseno-sin-titulo-6-300x300.png 300w, https:\/\/babelgroup.com\/wp-content\/uploads\/2025\/10\/Diseno-sin-titulo-6-150x150.png 150w, https:\/\/babelgroup.com\/wp-content\/uploads\/2025\/10\/Diseno-sin-titulo-6-768x768.png 768w\" sizes=\"(max-width: 800px) 100vw, 800px\" \/><\/div>\n\t\t<\/a>\n\t\t\t\t\t<div class=\"elementor-post__meta-data\">\n\t\t\t\t\t\t<span class=\"elementor-post-date\">\n\t\t\t22 de Outubro, 2025\t\t<\/span>\n\t\t\t\t\t<\/div>\n\t\t\t\t\t<div class=\"elementor-post__text\">\n\t\t\t\t<h3 class=\"elementor-post__title\">\n\t\t\t<a href=\"https:\/\/babelgroup.com\/pt-pt\/como-alcancar-um-roi-real-com-ia-generativa-6-aprendizagens\/\" >\n\t\t\t\tComo alcan\u00e7ar um ROI real com IA Generativa: 6 aprendizagens\t\t\t<\/a>\n\t\t<\/h3>\n\t\t\t\t\t<div class=\"elementor-post__read-more-wrapper\">\n\t\t\n\t\t<a class=\"elementor-post__read-more\" href=\"https:\/\/babelgroup.com\/pt-pt\/como-alcancar-um-roi-real-com-ia-generativa-6-aprendizagens\/\" aria-label=\"Read more about Como alcan\u00e7ar um ROI real com IA Generativa: 6 aprendizagens\" tabindex=\"-1\" >\n\t\t\tLer mais\t\t<\/a>\n\n\t\t\t\t\t<\/div>\n\t\t\t\t<\/div>\n\t\t\t\t<\/article>\n\t\t\t\t<article class=\"elementor-post elementor-grid-item post-1044083 post type-post status-publish format-standard has-post-thumbnail hentry category-noticias-2 tag-noticias-3\" role=\"listitem\">\n\t\t\t\t<a class=\"elementor-post__thumbnail__link\" href=\"https:\/\/babelgroup.com\/pt-pt\/babel-reforca-a-sua-presenca-na-colombia-com-a-aquisicao-da-meraki\/\" tabindex=\"-1\" >\n\t\t\t<div class=\"elementor-post__thumbnail\"><img loading=\"lazy\" decoding=\"async\" width=\"800\" height=\"800\" src=\"https:\/\/babelgroup.com\/wp-content\/uploads\/2025\/10\/Diseno-sin-titulo-12-1.png\" class=\"attachment-full size-full wp-image-1044077\" alt=\"\" srcset=\"https:\/\/babelgroup.com\/wp-content\/uploads\/2025\/10\/Diseno-sin-titulo-12-1.png 800w, https:\/\/babelgroup.com\/wp-content\/uploads\/2025\/10\/Diseno-sin-titulo-12-1-300x300.png 300w, https:\/\/babelgroup.com\/wp-content\/uploads\/2025\/10\/Diseno-sin-titulo-12-1-150x150.png 150w, https:\/\/babelgroup.com\/wp-content\/uploads\/2025\/10\/Diseno-sin-titulo-12-1-768x768.png 768w\" sizes=\"(max-width: 800px) 100vw, 800px\" \/><\/div>\n\t\t<\/a>\n\t\t\t\t\t<div class=\"elementor-post__meta-data\">\n\t\t\t\t\t\t<span class=\"elementor-post-date\">\n\t\t\t13 de Outubro, 2025\t\t<\/span>\n\t\t\t\t\t<\/div>\n\t\t\t\t\t<div class=\"elementor-post__text\">\n\t\t\t\t<h3 class=\"elementor-post__title\">\n\t\t\t<a href=\"https:\/\/babelgroup.com\/pt-pt\/babel-reforca-a-sua-presenca-na-colombia-com-a-aquisicao-da-meraki\/\" >\n\t\t\t\tBabel refor\u00e7a a sua presen\u00e7a na Col\u00f4mbia com a aquisi\u00e7\u00e3o da Meraki\t\t\t<\/a>\n\t\t<\/h3>\n\t\t\t\t\t<div class=\"elementor-post__read-more-wrapper\">\n\t\t\n\t\t<a class=\"elementor-post__read-more\" href=\"https:\/\/babelgroup.com\/pt-pt\/babel-reforca-a-sua-presenca-na-colombia-com-a-aquisicao-da-meraki\/\" aria-label=\"Read more about Babel refor\u00e7a a sua presen\u00e7a na Col\u00f4mbia com a aquisi\u00e7\u00e3o da Meraki\" tabindex=\"-1\" >\n\t\t\tLer mais\t\t<\/a>\n\n\t\t\t\t\t<\/div>\n\t\t\t\t<\/div>\n\t\t\t\t<\/article>\n\t\t\t\t<article class=\"elementor-post elementor-grid-item post-1043954 post type-post status-publish format-standard has-post-thumbnail hentry category-sem-categoria\" role=\"listitem\">\n\t\t\t\t<a class=\"elementor-post__thumbnail__link\" href=\"https:\/\/babelgroup.com\/pt-pt\/ia-ao-servico-das-pessoas-babel-alcanca-maior-eficiencia-e-reforca-o-desenvolvimento-profissional-com-o-seu-modelo-human-in-the-loop\/\" tabindex=\"-1\" >\n\t\t\t<div class=\"elementor-post__thumbnail\"><img loading=\"lazy\" decoding=\"async\" width=\"800\" height=\"800\" src=\"https:\/\/babelgroup.com\/wp-content\/uploads\/2025\/10\/LB-I-Babel.png\" class=\"attachment-full size-full wp-image-1043965\" alt=\"\" srcset=\"https:\/\/babelgroup.com\/wp-content\/uploads\/2025\/10\/LB-I-Babel.png 800w, https:\/\/babelgroup.com\/wp-content\/uploads\/2025\/10\/LB-I-Babel-300x300.png 300w, https:\/\/babelgroup.com\/wp-content\/uploads\/2025\/10\/LB-I-Babel-150x150.png 150w, https:\/\/babelgroup.com\/wp-content\/uploads\/2025\/10\/LB-I-Babel-768x768.png 768w\" sizes=\"(max-width: 800px) 100vw, 800px\" \/><\/div>\n\t\t<\/a>\n\t\t\t\t\t<div class=\"elementor-post__meta-data\">\n\t\t\t\t\t\t<span class=\"elementor-post-date\">\n\t\t\t9 de Outubro, 2025\t\t<\/span>\n\t\t\t\t\t<\/div>\n\t\t\t\t\t<div class=\"elementor-post__text\">\n\t\t\t\t<h3 class=\"elementor-post__title\">\n\t\t\t<a href=\"https:\/\/babelgroup.com\/pt-pt\/ia-ao-servico-das-pessoas-babel-alcanca-maior-eficiencia-e-reforca-o-desenvolvimento-profissional-com-o-seu-modelo-human-in-the-loop\/\" >\n\t\t\t\tIA ao servi\u00e7o das pessoas: Babel alcan\u00e7a maior efici\u00eancia e refor\u00e7a o desenvolvimento profissional com o seu modelo Human-In-The-Loop\t\t\t<\/a>\n\t\t<\/h3>\n\t\t\t\t\t<div class=\"elementor-post__read-more-wrapper\">\n\t\t\n\t\t<a class=\"elementor-post__read-more\" href=\"https:\/\/babelgroup.com\/pt-pt\/ia-ao-servico-das-pessoas-babel-alcanca-maior-eficiencia-e-reforca-o-desenvolvimento-profissional-com-o-seu-modelo-human-in-the-loop\/\" aria-label=\"Read more about IA ao servi\u00e7o das pessoas: Babel alcan\u00e7a maior efici\u00eancia e refor\u00e7a o desenvolvimento profissional com o seu modelo Human-In-The-Loop\" tabindex=\"-1\" >\n\t\t\tLer mais\t\t<\/a>\n\n\t\t\t\t\t<\/div>\n\t\t\t\t<\/div>\n\t\t\t\t<\/article>\n\t\t\t\t<article class=\"elementor-post elementor-grid-item post-1034989 post type-post status-publish format-standard has-post-thumbnail hentry category-sem-categoria\" role=\"listitem\">\n\t\t\t\t<a class=\"elementor-post__thumbnail__link\" href=\"https:\/\/babelgroup.com\/pt-pt\/cultura-organizacional-e-adocao-tecnologica-um-binomio-indispensavel-para-uma-transformacao-digital-bem-sucedida\/\" tabindex=\"-1\" >\n\t\t\t<div class=\"elementor-post__thumbnail\"><img loading=\"lazy\" decoding=\"async\" width=\"800\" height=\"800\" src=\"https:\/\/babelgroup.com\/wp-content\/uploads\/2025\/08\/Diseno-sin-titulo-46-1.png\" class=\"attachment-full size-full wp-image-1030628\" alt=\"\" srcset=\"https:\/\/babelgroup.com\/wp-content\/uploads\/2025\/08\/Diseno-sin-titulo-46-1.png 800w, https:\/\/babelgroup.com\/wp-content\/uploads\/2025\/08\/Diseno-sin-titulo-46-1-300x300.png 300w, https:\/\/babelgroup.com\/wp-content\/uploads\/2025\/08\/Diseno-sin-titulo-46-1-150x150.png 150w, https:\/\/babelgroup.com\/wp-content\/uploads\/2025\/08\/Diseno-sin-titulo-46-1-768x768.png 768w\" sizes=\"(max-width: 800px) 100vw, 800px\" \/><\/div>\n\t\t<\/a>\n\t\t\t\t\t<div class=\"elementor-post__meta-data\">\n\t\t\t\t\t\t<span class=\"elementor-post-date\">\n\t\t\t26 de Setembro, 2025\t\t<\/span>\n\t\t\t\t\t<\/div>\n\t\t\t\t\t<div class=\"elementor-post__text\">\n\t\t\t\t<h3 class=\"elementor-post__title\">\n\t\t\t<a href=\"https:\/\/babelgroup.com\/pt-pt\/cultura-organizacional-e-adocao-tecnologica-um-binomio-indispensavel-para-uma-transformacao-digital-bem-sucedida\/\" >\n\t\t\t\tCultura organizacional e ado\u00e7\u00e3o tecnol\u00f3gica: um bin\u00f3mio indispens\u00e1vel para uma transforma\u00e7\u00e3o digital bem-sucedida\u00a0\t\t\t<\/a>\n\t\t<\/h3>\n\t\t\t\t\t<div class=\"elementor-post__read-more-wrapper\">\n\t\t\n\t\t<a class=\"elementor-post__read-more\" href=\"https:\/\/babelgroup.com\/pt-pt\/cultura-organizacional-e-adocao-tecnologica-um-binomio-indispensavel-para-uma-transformacao-digital-bem-sucedida\/\" aria-label=\"Read more about Cultura organizacional e ado\u00e7\u00e3o tecnol\u00f3gica: um bin\u00f3mio indispens\u00e1vel para uma transforma\u00e7\u00e3o digital bem-sucedida\u00a0\" tabindex=\"-1\" >\n\t\t\tLer mais\t\t<\/a>\n\n\t\t\t\t\t<\/div>\n\t\t\t\t<\/div>\n\t\t\t\t<\/article>\n\t\t\t\t<\/div>\n\t\t\n\t\t\t\t<div class=\"e-load-more-anchor\" data-page=\"1\" data-max-page=\"4\" data-next-page=\"https:\/\/babelgroup.com\/pt-pt\/wp-json\/wp\/v2\/pages\/13186\/page\/2\/\"><\/div>\n\t\t\t\t<nav class=\"elementor-pagination\" aria-label=\"Pagination\">\n\t\t\t<span class=\"page-numbers prev\">&laquo; Anterior<\/span>\n<a class=\"page-numbers next\" href=\"https:\/\/babelgroup.com\/pt-pt\/wp-json\/wp\/v2\/pages\/13186\/page\/2\/\">Siguiente &raquo;<\/a>\t\t<\/nav>\n\t\t\t\t\t\t<\/div>\n\t\t\t\t<\/div>\n\t\t\t\t\t<\/div>\n\t\t<\/div>\n\t\t\t\t\t<\/div>\n\t\t<\/section>\n\t\t\t\t<section class=\"elementor-section elementor-top-section elementor-element elementor-element-7f91b39 elementor-section-boxed elementor-section-height-default elementor-section-height-default\" data-id=\"7f91b39\" data-element_type=\"section\" data-e-type=\"section\">\n\t\t\t\t\t\t<div class=\"elementor-container elementor-column-gap-no\">\n\t\t\t\t\t<div class=\"elementor-column elementor-col-100 elementor-top-column elementor-element elementor-element-a659707\" data-id=\"a659707\" data-element_type=\"column\" data-e-type=\"column\">\n\t\t\t<div class=\"elementor-widget-wrap elementor-element-populated\">\n\t\t\t\t\t\t\t<\/div>\n\t\t<\/div>\n\t\t\t\t\t<\/div>\n\t\t<\/section>\n\t\t<div class=\"elementor-element elementor-element-118b383 e-flex e-con-boxed e-con e-parent\" data-id=\"118b383\" data-element_type=\"container\" data-e-type=\"container\">\n\t\t\t\t\t<div class=\"e-con-inner\">\n\t\t\t\t<div class=\"elementor-element elementor-element-f9d95e8 elementor-widget elementor-widget-spacer\" data-id=\"f9d95e8\" data-element_type=\"widget\" data-e-type=\"widget\" data-widget_type=\"spacer.default\">\n\t\t\t\t<div class=\"elementor-widget-container\">\n\t\t\t\t\t\t\t<div class=\"elementor-spacer\">\n\t\t\t<div class=\"elementor-spacer-inner\"><\/div>\n\t\t<\/div>\n\t\t\t\t\t\t<\/div>\n\t\t\t\t<\/div>\n\t\t\t\t\t<\/div>\n\t\t\t\t<\/div>\n\t\t<div class=\"elementor-element elementor-element-7534cfa e-con-full e-flex e-con e-parent\" data-id=\"7534cfa\" data-element_type=\"container\" data-e-type=\"container\">\n\t\t\t\t<div class=\"elementor-element elementor-element-d8c80b0 elementor-widget__width-inherit elementor-widget elementor-widget-template\" data-id=\"d8c80b0\" data-element_type=\"widget\" data-e-type=\"widget\" data-widget_type=\"template.default\">\n\t\t\t\t<div class=\"elementor-widget-container\">\n\t\t\t\t\t\t\t<div class=\"elementor-template\">\n\t\t\t\t\t<div data-elementor-type=\"container\" data-elementor-id=\"1004552\" class=\"elementor elementor-1004552 elementor-1003967 elementor-1003967\" data-elementor-post-type=\"elementor_library\">\n\t\t\t\t<section class=\"elementor-element elementor-element-767c212e e-con-full e-flex e-con e-parent\" data-id=\"767c212e\" data-element_type=\"container\" data-e-type=\"container\" data-settings=\"{&quot;background_background&quot;:&quot;classic&quot;}\">\n\t\t<div class=\"elementor-element elementor-element-52f90dc e-con-full e-flex e-con e-child\" data-id=\"52f90dc\" data-element_type=\"container\" data-e-type=\"container\" data-settings=\"{&quot;background_background&quot;:&quot;classic&quot;}\">\n\t\t<div class=\"elementor-element elementor-element-494bd31 e-flex e-con-boxed e-con e-child\" data-id=\"494bd31\" data-element_type=\"container\" data-e-type=\"container\">\n\t\t\t\t\t<div class=\"e-con-inner\">\n\t\t\t\t<div class=\"elementor-element elementor-element-cb7aeab elementor-widget elementor-widget-heading\" data-id=\"cb7aeab\" data-element_type=\"widget\" data-e-type=\"widget\" data-widget_type=\"heading.default\">\n\t\t\t\t<div class=\"elementor-widget-container\">\n\t\t\t\t\t<h2 class=\"elementor-heading-title elementor-size-default\">Contactar a Babel<\/h2>\t\t\t\t<\/div>\n\t\t\t\t<\/div>\n\t\t\t\t\t<\/div>\n\t\t\t\t<\/div>\n\t\t<div class=\"elementor-element elementor-element-35500a4 e-flex e-con-boxed e-con e-child\" data-id=\"35500a4\" data-element_type=\"container\" data-e-type=\"container\">\n\t\t\t\t\t<div class=\"e-con-inner\">\n\t\t<div class=\"elementor-element elementor-element-88e87ee e-flex e-con-boxed e-con e-child\" data-id=\"88e87ee\" data-element_type=\"container\" data-e-type=\"container\">\n\t\t\t\t\t<div class=\"e-con-inner\">\n\t\t\t\t<div class=\"elementor-element elementor-element-7dd1098 elementor-widget elementor-widget-heading\" data-id=\"7dd1098\" data-element_type=\"widget\" data-e-type=\"widget\" data-widget_type=\"heading.default\">\n\t\t\t\t<div class=\"elementor-widget-container\">\n\t\t\t\t\t<h2 class=\"elementor-heading-title elementor-size-default\">Chile<\/h2>\t\t\t\t<\/div>\n\t\t\t\t<\/div>\n\t\t\t\t<div class=\"vamtam-has-theme-widget-styles elementor-element elementor-element-23d795a elementor-widget elementor-widget-text-editor\" data-id=\"23d795a\" data-element_type=\"widget\" data-e-type=\"widget\" data-widget_type=\"text-editor.default\">\n\t\t\t\t<div class=\"elementor-widget-container\">\n\t\t\t\t\t\t\t\t\t<p>Santiago de Chile<\/p>\t\t\t\t\t\t\t\t<\/div>\n\t\t\t\t<\/div>\n\t\t\t\t<div class=\"elementor-element elementor-element-899573a elementor-widget elementor-widget-heading\" data-id=\"899573a\" data-element_type=\"widget\" data-e-type=\"widget\" data-widget_type=\"heading.default\">\n\t\t\t\t<div class=\"elementor-widget-container\">\n\t\t\t\t\t<h2 class=\"elementor-heading-title elementor-size-default\">Colombia<\/h2>\t\t\t\t<\/div>\n\t\t\t\t<\/div>\n\t\t\t\t<div class=\"vamtam-has-theme-widget-styles elementor-element elementor-element-4de005c elementor-widget elementor-widget-text-editor\" data-id=\"4de005c\" data-element_type=\"widget\" data-e-type=\"widget\" data-widget_type=\"text-editor.default\">\n\t\t\t\t<div class=\"elementor-widget-container\">\n\t\t\t\t\t\t\t\t\t<p>Bogot\u00e1<\/p>\t\t\t\t\t\t\t\t<\/div>\n\t\t\t\t<\/div>\n\t\t\t\t<div class=\"elementor-element elementor-element-add3f0d elementor-widget elementor-widget-heading\" data-id=\"add3f0d\" data-element_type=\"widget\" data-e-type=\"widget\" data-widget_type=\"heading.default\">\n\t\t\t\t<div class=\"elementor-widget-container\">\n\t\t\t\t\t<h2 class=\"elementor-heading-title elementor-size-default\">Costa Rica<\/h2>\t\t\t\t<\/div>\n\t\t\t\t<\/div>\n\t\t\t\t<div class=\"vamtam-has-theme-widget-styles elementor-element elementor-element-87aee2c elementor-widget elementor-widget-text-editor\" data-id=\"87aee2c\" data-element_type=\"widget\" data-e-type=\"widget\" data-widget_type=\"text-editor.default\">\n\t\t\t\t<div class=\"elementor-widget-container\">\n\t\t\t\t\t\t\t\t\t<p>San Jos\u00e9<\/p>\t\t\t\t\t\t\t\t<\/div>\n\t\t\t\t<\/div>\n\t\t\t\t\t<\/div>\n\t\t\t\t<\/div>\n\t\t<div class=\"elementor-element elementor-element-594a58e e-flex e-con-boxed e-con e-child\" data-id=\"594a58e\" data-element_type=\"container\" data-e-type=\"container\">\n\t\t\t\t\t<div class=\"e-con-inner\">\n\t\t\t\t<div class=\"elementor-element elementor-element-59c6f50 elementor-widget elementor-widget-heading\" data-id=\"59c6f50\" data-element_type=\"widget\" data-e-type=\"widget\" data-widget_type=\"heading.default\">\n\t\t\t\t<div class=\"elementor-widget-container\">\n\t\t\t\t\t<h2 class=\"elementor-heading-title elementor-size-default\">Espanha<\/h2>\t\t\t\t<\/div>\n\t\t\t\t<\/div>\n\t\t\t\t<div class=\"vamtam-has-theme-widget-styles elementor-element elementor-element-d508b9c elementor-widget elementor-widget-text-editor\" data-id=\"d508b9c\" data-element_type=\"widget\" data-e-type=\"widget\" data-widget_type=\"text-editor.default\">\n\t\t\t\t<div class=\"elementor-widget-container\">\n\t\t\t\t\t\t\t\t\t<p>Almer\u00eda<br \/>Barcelona<br \/>Madrid<br \/>M\u00e1laga<br \/>Oviedo<br \/>Sevilla<br \/>Zaragoza<\/p>\t\t\t\t\t\t\t\t<\/div>\n\t\t\t\t<\/div>\n\t\t\t\t\t<\/div>\n\t\t\t\t<\/div>\n\t\t<div class=\"elementor-element elementor-element-fda7ea3 e-flex e-con-boxed e-con e-child\" data-id=\"fda7ea3\" data-element_type=\"container\" data-e-type=\"container\">\n\t\t\t\t\t<div class=\"e-con-inner\">\n\t\t\t\t<div class=\"elementor-element elementor-element-047b124 elementor-widget elementor-widget-heading\" data-id=\"047b124\" data-element_type=\"widget\" data-e-type=\"widget\" data-widget_type=\"heading.default\">\n\t\t\t\t<div class=\"elementor-widget-container\">\n\t\t\t\t\t<h2 class=\"elementor-heading-title elementor-size-default\">Marrocos<\/h2>\t\t\t\t<\/div>\n\t\t\t\t<\/div>\n\t\t\t\t<div class=\"vamtam-has-theme-widget-styles elementor-element elementor-element-e1b2ff1 elementor-widget elementor-widget-text-editor\" data-id=\"e1b2ff1\" data-element_type=\"widget\" data-e-type=\"widget\" data-widget_type=\"text-editor.default\">\n\t\t\t\t<div class=\"elementor-widget-container\">\n\t\t\t\t\t\t\t\t\t<p>Casablanca<\/p>\t\t\t\t\t\t\t\t<\/div>\n\t\t\t\t<\/div>\n\t\t\t\t<div class=\"elementor-element elementor-element-f6e295d elementor-widget elementor-widget-heading\" data-id=\"f6e295d\" data-element_type=\"widget\" data-e-type=\"widget\" data-widget_type=\"heading.default\">\n\t\t\t\t<div class=\"elementor-widget-container\">\n\t\t\t\t\t<h2 class=\"elementor-heading-title elementor-size-default\">M\u00e9xico<\/h2>\t\t\t\t<\/div>\n\t\t\t\t<\/div>\n\t\t\t\t<div class=\"vamtam-has-theme-widget-styles elementor-element elementor-element-95f14d3 elementor-widget elementor-widget-text-editor\" data-id=\"95f14d3\" data-element_type=\"widget\" data-e-type=\"widget\" data-widget_type=\"text-editor.default\">\n\t\t\t\t<div class=\"elementor-widget-container\">\n\t\t\t\t\t\t\t\t\t<p>Ciudad de M\u00e9xico<\/p>\t\t\t\t\t\t\t\t<\/div>\n\t\t\t\t<\/div>\n\t\t\t\t<div class=\"elementor-element elementor-element-526e686 elementor-widget elementor-widget-heading\" data-id=\"526e686\" data-element_type=\"widget\" data-e-type=\"widget\" data-widget_type=\"heading.default\">\n\t\t\t\t<div class=\"elementor-widget-container\">\n\t\t\t\t\t<h2 class=\"elementor-heading-title elementor-size-default\">Panam\u00e1<\/h2>\t\t\t\t<\/div>\n\t\t\t\t<\/div>\n\t\t\t\t<div class=\"vamtam-has-theme-widget-styles elementor-element elementor-element-a646dcc elementor-widget elementor-widget-text-editor\" data-id=\"a646dcc\" data-element_type=\"widget\" data-e-type=\"widget\" data-widget_type=\"text-editor.default\">\n\t\t\t\t<div class=\"elementor-widget-container\">\n\t\t\t\t\t\t\t\t\t<p>Ciudad de Panam\u00e1<\/p>\t\t\t\t\t\t\t\t<\/div>\n\t\t\t\t<\/div>\n\t\t\t\t\t<\/div>\n\t\t\t\t<\/div>\n\t\t<div class=\"elementor-element elementor-element-d3831c8 e-flex e-con-boxed e-con e-child\" data-id=\"d3831c8\" data-element_type=\"container\" data-e-type=\"container\">\n\t\t\t\t\t<div class=\"e-con-inner\">\n\t\t\t\t<div class=\"elementor-element elementor-element-30b168d elementor-widget elementor-widget-heading\" data-id=\"30b168d\" data-element_type=\"widget\" data-e-type=\"widget\" data-widget_type=\"heading.default\">\n\t\t\t\t<div class=\"elementor-widget-container\">\n\t\t\t\t\t<h2 class=\"elementor-heading-title elementor-size-default\">Portugal<\/h2>\t\t\t\t<\/div>\n\t\t\t\t<\/div>\n\t\t\t\t<div class=\"vamtam-has-theme-widget-styles elementor-element elementor-element-1f7d03d elementor-widget elementor-widget-text-editor\" data-id=\"1f7d03d\" data-element_type=\"widget\" data-e-type=\"widget\" data-widget_type=\"text-editor.default\">\n\t\t\t\t<div class=\"elementor-widget-container\">\n\t\t\t\t\t\t\t\t\t<p>Ilha Terceira (Azores)<br \/>Lisboa<br \/>Proen\u00e7a-a-Nova<\/p>\t\t\t\t\t\t\t\t<\/div>\n\t\t\t\t<\/div>\n\t\t\t\t<div class=\"elementor-element elementor-element-a294d11 elementor-widget elementor-widget-heading\" data-id=\"a294d11\" data-element_type=\"widget\" data-e-type=\"widget\" data-widget_type=\"heading.default\">\n\t\t\t\t<div class=\"elementor-widget-container\">\n\t\t\t\t\t<h2 class=\"elementor-heading-title elementor-size-default\">Rep\u00fablica<br>Dominicana<\/h2>\t\t\t\t<\/div>\n\t\t\t\t<\/div>\n\t\t\t\t<div class=\"vamtam-has-theme-widget-styles elementor-element elementor-element-8d02426 elementor-widget elementor-widget-text-editor\" data-id=\"8d02426\" data-element_type=\"widget\" data-e-type=\"widget\" data-widget_type=\"text-editor.default\">\n\t\t\t\t<div class=\"elementor-widget-container\">\n\t\t\t\t\t\t\t\t\t<p>Santo Domingo<\/p>\t\t\t\t\t\t\t\t<\/div>\n\t\t\t\t<\/div>\n\t\t\t\t\t<\/div>\n\t\t\t\t<\/div>\n\t\t\t\t\t<\/div>\n\t\t\t\t<\/div>\n\t\t<div class=\"elementor-element elementor-element-4375528 e-flex e-con-boxed e-con e-child\" data-id=\"4375528\" data-element_type=\"container\" data-e-type=\"container\">\n\t\t\t\t\t<div class=\"e-con-inner\">\n\t\t\t\t<div class=\"vamtam-has-theme-widget-styles elementor-element elementor-element-e2f878d elementor-align-left elementor-widget elementor-widget-button\" data-id=\"e2f878d\" data-element_type=\"widget\" data-e-type=\"widget\" data-widget_type=\"button.default\">\n\t\t\t\t<div class=\"elementor-widget-container\">\n\t\t\t\t\t\t\t\t\t<div class=\"elementor-button-wrapper\">\n\t\t\t\t\t<a class=\"elementor-button elementor-button-link elementor-size-sm\" href=\"https:\/\/babelgroup.com\/pt-pt\/contacto\/\">\n\t\t\t\t\t\t<span class=\"elementor-button-content-wrapper\">\n\t\t\t\t\t\t\t\t\t<span class=\"elementor-button-text\">Contactos<\/span>\n\t\t\t\t\t<\/span>\n\t\t\t\t\t<\/a>\n\t\t\t\t<\/div>\n\t\t\t\t\t\t\t\t<\/div>\n\t\t\t\t<\/div>\n\t\t\t\t\t<\/div>\n\t\t\t\t<\/div>\n\t\t<div class=\"elementor-element elementor-element-5fd6119 e-flex e-con-boxed e-con e-child\" data-id=\"5fd6119\" data-element_type=\"container\" data-e-type=\"container\">\n\t\t\t\t\t<div class=\"e-con-inner\">\n\t\t\t\t\t<\/div>\n\t\t\t\t<\/div>\n\t\t\t\t<\/div>\n\t\t\t\t<\/section>\n\t\t\t\t<\/div>\n\t\t\t\t<\/div>\n\t\t\t\t\t\t<\/div>\n\t\t\t\t<\/div>\n\t\t\t\t<\/div>\n\t\t\t\t<\/div>\n\t\t","protected":false},"excerpt":{"rendered":"<p>Somos amantes da tecnologia Partilhamos conhecimentos, entusiasmo e emo\u00e7\u00e3o<\/p>\n","protected":false},"author":4,"featured_media":28998,"parent":0,"menu_order":0,"comment_status":"closed","ping_status":"closed","template":"","meta":{"_acf_changed":false,"inline_featured_image":false,"footnotes":""},"class_list":["post-13186","page","type-page","status-publish","has-post-thumbnail","hentry"],"acf":[],"_links":{"self":[{"href":"https:\/\/babelgroup.com\/pt-pt\/wp-json\/wp\/v2\/pages\/13186","targetHints":{"allow":["GET"]}}],"collection":[{"href":"https:\/\/babelgroup.com\/pt-pt\/wp-json\/wp\/v2\/pages"}],"about":[{"href":"https:\/\/babelgroup.com\/pt-pt\/wp-json\/wp\/v2\/types\/page"}],"author":[{"embeddable":true,"href":"https:\/\/babelgroup.com\/pt-pt\/wp-json\/wp\/v2\/users\/4"}],"replies":[{"embeddable":true,"href":"https:\/\/babelgroup.com\/pt-pt\/wp-json\/wp\/v2\/comments?post=13186"}],"version-history":[{"count":89,"href":"https:\/\/babelgroup.com\/pt-pt\/wp-json\/wp\/v2\/pages\/13186\/revisions"}],"predecessor-version":[{"id":1029907,"href":"https:\/\/babelgroup.com\/pt-pt\/wp-json\/wp\/v2\/pages\/13186\/revisions\/1029907"}],"wp:featuredmedia":[{"embeddable":true,"href":"https:\/\/babelgroup.com\/pt-pt\/wp-json\/wp\/v2\/media\/28998"}],"wp:attachment":[{"href":"https:\/\/babelgroup.com\/pt-pt\/wp-json\/wp\/v2\/media?parent=13186"}],"curies":[{"name":"wp","href":"https:\/\/api.w.org\/{rel}","templated":true}]}}